{"id":1383,"date":"2022-03-22T23:56:35","date_gmt":"2022-03-22T23:56:35","guid":{"rendered":"http:\/\/afs-test.de\/?page_id=1383"},"modified":"2025-03-23T11:03:16","modified_gmt":"2025-03-23T10:03:16","slug":"pflege","status":"publish","type":"page","link":"https:\/\/anna-freud-schule.de\/startseite\/pflege\/","title":{"rendered":"Pflege"},"content":{"rendered":"\t\t<div data-elementor-type=\"wp-page\" data-elementor-id=\"1383\" class=\"elementor elementor-1383\" data-elementor-post-type=\"page\">\n\t\t\t\t\t\t<section class=\"elementor-section elementor-top-section elementor-element elementor-element-d663d3d elementor-section-boxed elementor-section-height-default elementor-section-height-default\" data-id=\"d663d3d\" data-element_type=\"section\" data-e-type=\"section\">\n\t\t\t\t\t\t<div class=\"elementor-container elementor-column-gap-default\">\n\t\t\t\t\t<div class=\"elementor-column elementor-col-100 elementor-top-column elementor-element elementor-element-8f2cc9f\" data-id=\"8f2cc9f\" data-element_type=\"column\" data-e-type=\"column\">\n\t\t\t<div class=\"elementor-widget-wrap elementor-element-populated\">\n\t\t\t\t\t\t<div class=\"elementor-element elementor-element-48d1045 elementor-widget elementor-widget-heading\" data-id=\"48d1045\" data-element_type=\"widget\" data-e-type=\"widget\" data-widget_type=\"heading.default\">\n\t\t\t\t<div class=\"elementor-widget-container\">\n\t\t\t\t\t<h2 class=\"elementor-heading-title elementor-size-default\">Pflegeabteilung<\/h2>\t\t\t\t<\/div>\n\t\t\t\t<\/div>\n\t\t\t\t\t<\/div>\n\t\t<\/div>\n\t\t\t\t\t<\/div>\n\t\t<\/section>\n\t\t\t\t<section class=\"elementor-section elementor-top-section elementor-element elementor-element-189a505 elementor-section-full_width elementor-section-height-default elementor-section-height-default\" data-id=\"189a505\" data-element_type=\"section\" data-e-type=\"section\">\n\t\t\t\t\t\t<div class=\"elementor-container elementor-column-gap-default\">\n\t\t\t\t\t<div class=\"elementor-column elementor-col-100 elementor-top-column elementor-element elementor-element-633f435\" data-id=\"633f435\" data-element_type=\"column\" data-e-type=\"column\">\n\t\t\t<div class=\"elementor-widget-wrap elementor-element-populated\">\n\t\t\t\t\t\t<div class=\"elementor-element elementor-element-2f5699f elementor-widget elementor-widget-image\" data-id=\"2f5699f\" data-element_type=\"widget\" data-e-type=\"widget\" data-widget_type=\"image.default\">\n\t\t\t\t<div class=\"elementor-widget-container\">\n\t\t\t\t\t\t\t\t\t\t\t\t\t\t\t<img fetchpriority=\"high\" decoding=\"async\" width=\"768\" height=\"512\" src=\"https:\/\/anna-freud-schule.de\/wp-content\/uploads\/2022\/10\/LVR_AFS_055-768x512.jpg\" class=\"attachment-medium_large size-medium_large wp-image-2707\" alt=\"\" srcset=\"https:\/\/anna-freud-schule.de\/wp-content\/uploads\/2022\/10\/LVR_AFS_055-768x512.jpg 768w, https:\/\/anna-freud-schule.de\/wp-content\/uploads\/2022\/10\/LVR_AFS_055-300x200.jpg 300w, https:\/\/anna-freud-schule.de\/wp-content\/uploads\/2022\/10\/LVR_AFS_055-1024x683.jpg 1024w, https:\/\/anna-freud-schule.de\/wp-content\/uploads\/2022\/10\/LVR_AFS_055-1536x1024.jpg 1536w, https:\/\/anna-freud-schule.de\/wp-content\/uploads\/2022\/10\/LVR_AFS_055-2048x1366.jpg 2048w\" sizes=\"(max-width: 768px) 100vw, 768px\" \/>\t\t\t\t\t\t\t\t\t\t\t\t\t\t\t<\/div>\n\t\t\t\t<\/div>\n\t\t\t\t\t<\/div>\n\t\t<\/div>\n\t\t\t\t\t<\/div>\n\t\t<\/section>\n\t\t\t\t<section class=\"elementor-section elementor-top-section elementor-element elementor-element-e9b1a07 elementor-section-boxed elementor-section-height-default elementor-section-height-default\" data-id=\"e9b1a07\" data-element_type=\"section\" data-e-type=\"section\">\n\t\t\t\t\t\t<div class=\"elementor-container elementor-column-gap-default\">\n\t\t\t\t\t<div class=\"elementor-column elementor-col-100 elementor-top-column elementor-element elementor-element-6d6f3db\" data-id=\"6d6f3db\" data-element_type=\"column\" data-e-type=\"column\">\n\t\t\t<div class=\"elementor-widget-wrap elementor-element-populated\">\n\t\t\t\t\t\t<div class=\"elementor-element elementor-element-78ed57c elementor-widget elementor-widget-text-editor\" data-id=\"78ed57c\" data-element_type=\"widget\" data-e-type=\"widget\" data-widget_type=\"text-editor.default\">\n\t\t\t\t<div class=\"elementor-widget-container\">\n\t\t\t\t\t\t\t\t\t<h1><strong>Pflegeabteilung<\/strong><\/h1><p>Die zentrale Pflegestation der LVR-Anna-Freud-Schule ist den ganzen Schultag f\u00fcr alle Mitglieder der Schulgemeinde ge\u00f6ffnet und telefonisch und pers\u00f6nlich jederzeit erreichbar. Wir haben schuleigene Pfleger\u00e4ume und ein Erste-Hilfe-Zimmer, in denen wir individuell auf die kleinen und gro\u00dfen pflegerischen Bed\u00fcrfnisse unserer Sch\u00fclerinnen und Sch\u00fcler eingehen.<\/p><p>Die <strong>Behandlungspflege<\/strong> (z. B. Injektionen, Katheterisieren, Diabetes-Begleitung, Tablettengabe) erfolgt ausschlie\u00dflich durch unsere examinierten Pflegekr\u00e4fte.<\/p><p>Bei der <strong>allgemeinen Grundpflege<\/strong> (z. B. Toiletteng\u00e4nge, Umziehhilfen, Essenshilfe) werden wir durch unsere Pflegehilfskr\u00e4fte und FSJler unterst\u00fctzt.<\/p><p>Zu den weiteren Aufgaben unserer Abteilung z\u00e4hlen u.a.:<\/p><ul><li>Erste Hilfe<\/li><li>Pflege-Anamnese vor der Aufnahme<\/li><li>Beratung im Hinblick auf Pflegehilfsmittel<\/li><li>Anleitung zur Selbsthilfe\/Blasentraining<\/li><li>Begleitung von Exkursionen und Klassenfahren (bei Bedarf)<\/li><li>Beratung und Unterst\u00fctzung der Klassenteams<\/li><\/ul><p>In akuten Notf\u00e4llen sind wir direkt vor Ort und leiten alle notwendigen Schritte ein.<\/p><p><strong>Formulare<\/strong><\/p><p>Die Medikamentengabe jeglicher Art bedarf einer \u00e4rztlichen Verordnung. Alle Formulare, die f\u00fcr die Medikamentengabe bzw. Medikamenteneinnahme wichtig sind, finden Sie im folgenden Link (<a href=\"http:\/\/anna-freud-schule.de\/wp-content\/uploads\/2022\/05\/Formulare-fu\u0308r-die-Pflegeabteilung.pdf\" target=\"_blank\" rel=\"noopener\">pdf-Datei<\/a>).<\/p><p><strong>Kontakt<\/strong><\/p><p>Sprechen Sie uns bei Fragen gerne an!<\/p><p>York Dehnen (Leitung der Pflegeabteilung):<\/p><p>Tel.: 0221\/554046-143, <a href=\"mailto:york.dehnen@lvr-afs.de\">york.dehnen@lvr-afs.de<\/a><\/p>\t\t\t\t\t\t\t\t<\/div>\n\t\t\t\t<\/div>\n\t\t\t\t\t<\/div>\n\t\t<\/div>\n\t\t\t\t\t<\/div>\n\t\t<\/section>\n\t\t\t\t<section class=\"elementor-section elementor-top-section elementor-element elementor-element-8871166 elementor-section-boxed elementor-section-height-default elementor-section-height-default\" data-id=\"8871166\" data-element_type=\"section\" data-e-type=\"section\">\n\t\t\t\t\t\t<div class=\"elementor-container elementor-column-gap-default\">\n\t\t\t\t\t<div class=\"elementor-column elementor-col-100 elementor-top-column elementor-element elementor-element-19f5df0\" data-id=\"19f5df0\" data-element_type=\"column\" data-e-type=\"column\">\n\t\t\t<div class=\"elementor-widget-wrap elementor-element-populated\">\n\t\t\t\t\t\t<div class=\"elementor-element elementor-element-006e12c elementor-widget elementor-widget-image\" data-id=\"006e12c\" data-element_type=\"widget\" data-e-type=\"widget\" data-widget_type=\"image.default\">\n\t\t\t\t<div class=\"elementor-widget-container\">\n\t\t\t\t\t\t\t\t\t\t\t\t\t\t\t<img decoding=\"async\" width=\"768\" height=\"512\" src=\"https:\/\/anna-freud-schule.de\/wp-content\/uploads\/2022\/10\/LVR_AFS_057-768x512.jpg\" class=\"attachment-medium_large size-medium_large wp-image-2708\" alt=\"\" srcset=\"https:\/\/anna-freud-schule.de\/wp-content\/uploads\/2022\/10\/LVR_AFS_057-768x512.jpg 768w, https:\/\/anna-freud-schule.de\/wp-content\/uploads\/2022\/10\/LVR_AFS_057-300x200.jpg 300w, https:\/\/anna-freud-schule.de\/wp-content\/uploads\/2022\/10\/LVR_AFS_057-1024x683.jpg 1024w, https:\/\/anna-freud-schule.de\/wp-content\/uploads\/2022\/10\/LVR_AFS_057-1536x1024.jpg 1536w, https:\/\/anna-freud-schule.de\/wp-content\/uploads\/2022\/10\/LVR_AFS_057-2048x1366.jpg 2048w\" sizes=\"(max-width: 768px) 100vw, 768px\" \/>\t\t\t\t\t\t\t\t\t\t\t\t\t\t\t<\/div>\n\t\t\t\t<\/div>\n\t\t\t\t\t<\/div>\n\t\t<\/div>\n\t\t\t\t\t<\/div>\n\t\t<\/section>\n\t\t\t\t<\/div>\n\t\t","protected":false},"excerpt":{"rendered":"<p>Pflegeabteilung Pflegeabteilung Die zentrale Pflegestation der LVR-Anna-Freud-Schule ist den ganzen Schultag f\u00fcr alle Mitglieder der Schulgemeinde ge\u00f6ffnet und telefonisch und pers\u00f6nlich jederzeit erreichbar. Wir haben schuleigene Pfleger\u00e4ume und ein Erste-Hilfe-Zimmer, in denen wir individuell auf die kleinen und gro\u00dfen pflegerischen Bed\u00fcrfnisse unserer Sch\u00fclerinnen und Sch\u00fcler eingehen. Die Behandlungspflege (z. B. Injektionen, Katheterisieren, Diabetes-Begleitung, Tablettengabe) erfolgt [&hellip;]<\/p>\n","protected":false},"author":1,"featured_media":0,"parent":0,"menu_order":0,"comment_status":"closed","ping_status":"closed","template":"","meta":{"site-sidebar-layout":"no-sidebar","site-content-layout":"page-builder","ast-site-content-layout":"default","site-content-style":"default","site-sidebar-style":"default","ast-global-header-display":"","ast-banner-title-visibility":"","ast-main-header-display":"","ast-hfb-above-header-display":"","ast-hfb-below-header-display":"","ast-hfb-mobile-header-display":"","site-post-title":"disabled","ast-breadcrumbs-content":"","ast-featured-img":"disabled","footer-sml-layout":"","ast-disable-related-posts":"","theme-transparent-header-meta":"","adv-header-id-meta":"","stick-header-meta":"","header-above-stick-meta":"","header-main-stick-meta":"","header-below-stick-meta":"","astra-migrate-meta-layouts":"default","ast-page-background-enabled":"default","ast-page-background-meta":{"desktop":{"background-color":"var(--ast-global-color-4)","background-image":"","background-repeat":"repeat","background-position":"center center","background-size":"auto","background-attachment":"scroll","background-type":"","background-media":"","overlay-type":"","overlay-color":"","overlay-opacity":"","overlay-gradient":""},"tablet":{"background-color":"","background-image":"","background-repeat":"repeat","background-position":"center center","background-size":"auto","background-attachment":"scroll","background-type":"","background-media":"","overlay-type":"","overlay-color":"","overlay-opacity":"","overlay-gradient":""},"mobile":{"background-color":"","background-image":"","background-repeat":"repeat","background-position":"center center","background-size":"auto","background-attachment":"scroll","background-type":"","background-media":"","overlay-type":"","overlay-color":"","overlay-opacity":"","overlay-gradient":""}},"ast-content-background-meta":{"desktop":{"background-color":"var(--ast-global-color-5)","background-image":"","background-repeat":"repeat","background-position":"center center","background-size":"auto","background-attachment":"scroll","background-type":"","background-media":"","overlay-type":"","overlay-color":"","overlay-opacity":"","overlay-gradient":""},"tablet":{"background-color":"var(--ast-global-color-5)","background-image":"","background-repeat":"repeat","background-position":"center center","background-size":"auto","background-attachment":"scroll","background-type":"","background-media":"","overlay-type":"","overlay-color":"","overlay-opacity":"","overlay-gradient":""},"mobile":{"background-color":"var(--ast-global-color-5)","background-image":"","background-repeat":"repeat","background-position":"center center","background-size":"auto","background-attachment":"scroll","background-type":"","background-media":"","overlay-type":"","overlay-color":"","overlay-opacity":"","overlay-gradient":""}},"footnotes":""},"class_list":["post-1383","page","type-page","status-publish","hentry"],"_links":{"self":[{"href":"https:\/\/anna-freud-schule.de\/startseite\/wp-json\/wp\/v2\/pages\/1383","targetHints":{"allow":["GET"]}}],"collection":[{"href":"https:\/\/anna-freud-schule.de\/startseite\/wp-json\/wp\/v2\/pages"}],"about":[{"href":"https:\/\/anna-freud-schule.de\/startseite\/wp-json\/wp\/v2\/types\/page"}],"author":[{"embeddable":true,"href":"https:\/\/anna-freud-schule.de\/startseite\/wp-json\/wp\/v2\/users\/1"}],"replies":[{"embeddable":true,"href":"https:\/\/anna-freud-schule.de\/startseite\/wp-json\/wp\/v2\/comments?post=1383"}],"version-history":[{"count":32,"href":"https:\/\/anna-freud-schule.de\/startseite\/wp-json\/wp\/v2\/pages\/1383\/revisions"}],"predecessor-version":[{"id":4858,"href":"https:\/\/anna-freud-schule.de\/startseite\/wp-json\/wp\/v2\/pages\/1383\/revisions\/4858"}],"wp:attachment":[{"href":"https:\/\/anna-freud-schule.de\/startseite\/wp-json\/wp\/v2\/media?parent=1383"}],"curies":[{"name":"wp","href":"https:\/\/api.w.org\/{rel}","templated":true}]}}